{"id":270,"date":"2014-09-24T21:11:59","date_gmt":"2014-09-24T21:11:59","guid":{"rendered":"http:\/\/motive.theme-sphere.com\/news-demo\/?page_id=270"},"modified":"2026-02-13T13:29:40","modified_gmt":"2026-02-13T13:29:40","slug":"advanced-home","status":"publish","type":"page","link":"https:\/\/www.maritimoportuario.cl\/mp\/","title":{"rendered":"Advanced Home"},"content":{"rendered":"<div class=\"wpb-content-wrapper\"><table width=\"100%\">\n<tbody>\n<tr>\n<td style=\"vertical-align: middle;\"><a href=\"http:\/\/www.sanantonioport.cc.cl\/index1.html\"><img loading=\"lazy\" decoding=\"async\" class=\"alignnone wp-image-5592 size-full\" src=\"http:\/\/www.maritimoportuario.cl\/mp\/wp-content\/uploads\/2014\/09\/psa.jpg\" alt=\"\" width=\"253\" height=\"111\" srcset=\"https:\/\/www.maritimoportuario.cl\/mp\/wp-content\/uploads\/2014\/09\/psa.jpg 253w, https:\/\/www.maritimoportuario.cl\/mp\/wp-content\/uploads\/2014\/09\/psa-252x111.jpg 252w\" sizes=\"auto, (max-width: 253px) 100vw, 253px\" \/><\/a><\/td>\n<td style=\"vertical-align: middle;\"><a href=\"http:\/\/www.epi.cl\/\"><img loading=\"lazy\" decoding=\"async\" class=\"alignnone\" src=\"http:\/\/www.maritimoportuario.cl\/mp\/wp-content\/uploads\/2020\/04\/EPI.jpg\" alt=\"\" width=\"200\" height=\"111\" \/><\/a><\/td>\n<td style=\"vertical-align: middle;\">\n<style>\n  @keyframes fadeInOut1 {\n    0%, 49% { opacity: 1; }\n    50%, 100% { opacity: 0; }\n  }\n  @keyframes fadeInOut2 {\n    0%, 49% { opacity: 0; }\n    50%, 100% { opacity: 1; }\n  }\n  .ultraport-video-1 {\n    animation: fadeInOut1 6s infinite;\n  }\n  .ultraport-video-2 {\n    animation: fadeInOut2 6s infinite;\n  }\n  <\/style>\n<div style=\"position: relative; width: 200px; height: 111px; display: inline-block; vertical-align: middle;\">\n    <a href=\"http:\/\/www.ultraport.cl\/\" style=\"display: block; width: 100%; height: 100%;\"><br \/>\n      <video class=\"ultraport-video-1\" width=\"200\" height=\"111\" autoplay loop muted playsinline style=\"display: block; position: absolute; top: 0; left: 0; margin: 0;\"><source src=\"http:\/\/www.maritimoportuario.cl\/mp\/wp-content\/uploads\/2026\/02\/LogoCorp_Animacion.m4v\" type=\"video\/mp4\"\/><\/video><br \/>\n      <video class=\"ultraport-video-2\" width=\"200\" height=\"111\" autoplay loop muted playsinline style=\"display: block; position: absolute; top: 0; left: 0; margin: 0;\"><source src=\"http:\/\/www.maritimoportuario.cl\/mp\/wp-content\/uploads\/2026\/02\/Logo45A_Animacion.m4v\" type=\"video\/mp4\"\/><\/video><br \/>\n    <\/a>\n  <\/div>\n<\/td>\n<td style=\"vertical-align: middle;\"><a href=\"https:\/\/www.puertovalparaiso.cl\/\"><img loading=\"lazy\" decoding=\"async\" class=\"alignnone\" src=\"http:\/\/www.maritimoportuario.cl\/mp\/wp-content\/uploads\/2014\/09\/pvalparaiso.jpg\" alt=\"\" width=\"253\" height=\"111\" \/><\/a><\/td>\n<\/tr>\n<\/tbody>\n<\/table>\n\n\n\n<p class=\"wp-block-paragraph\">[vc_row][vc_column css=\u00bb.vc_custom_1413679058783{margin-bottom: 10px !important;}\u00bb]\n\t\t\t<style>\n\t\t\t\t\n\t\t\t.block-css-1 .read-more a, .block-css-1 .image-overlay { background: #1e73be; }\n\t\t\t.block-css-1 .section-head .title { background: #1e73be; }\n\t\t\t.block-css-1 .section-head { border-color: #1e73be; }\n\t\t\t\t\n\t\t\t<\/style>\n\t\t\t\n<div class=\"block-wrap term-wrap-92 block-css-1\">\n\t\n\t\t\t\n\t\t<h4 class=\"section-head cf cat-border-92\">\n\t\t\t<span class=\"title\"><a href=\"https:\/\/www.maritimoportuario.cl\/mp\/category\/destacados\/\">Destacadas<\/a><\/span>\n\t\t\t\n\t\t\t\t\t\t\t<a href=\"https:\/\/www.maritimoportuario.cl\/mp\/category\/destacados\/\" class=\"more\">Ver todos <i class=\"fa fa-caret-right\"><\/i><\/a>\n\t\t\t\t\t\t\n\t\t\t\t\t\n\t\t\t\t\t<\/h4>\n\n\t\t\n\t\t\n\t\t\t\n\t\n\t<div class=\"ts-row posts-grid listing-grid grid-3 \">\n\t\t\n\t\t\t\t\t\n\t\t<div class=\"column one-third\">\n\t\t\n\t\t\t<article class=\"post-51261 post type-post status-publish format-standard has-post-thumbnail category-destacados\" itemscope itemtype=\"http:\/\/schema.org\/Article\">\n\t\t\t\t\n\t\t\t\t<a href=\"https:\/\/www.maritimoportuario.cl\/mp\/subsecretaria-estevez-se-reune-con-la-cpc-para-dar-a-conocer-avances-en-negociaciones-con-estados-unidos-e-india\/\" class=\"image-link\">\n\t\t\t\t\t<img loading=\"lazy\" decoding=\"async\" width=\"359\" height=\"201\" src=\"https:\/\/www.maritimoportuario.cl\/mp\/wp-content\/uploads\/2023\/03\/Nave-24-Marzo-2023-359x201.jpg\" class=\"image wp-post-image\" alt=\"\" title=\"Subsecretaria Est\u00e9vez se re\u00fane con la CPC para dar a conocer avances en negociaciones con Estados Unidos e India\" itemprop=\"image\" \/>\t\t\t\t\t\n\t\t\t\t\t\t\t\t<span class=\"image-overlay\"><\/span>\n\t\t\t\n\t\t\t<span class=\"meta-overlay\">\n\t\t\t\t<span class=\"meta\">\n\t\t\t\t\n\t\t\t\t<span class=\"post-format \"><i class=\"fa fa-file-text-o\"><\/i><\/span>\n\t\t\t\t\n\t\t\t\t<\/span>\n\t\t\t<\/span>\n\t\t\t\t\t\t<\/a>\n\t\t\t\t\n\t\t\t\t<div class=\"meta\">\n\t\t\t\t\t\n\t\t\t\t\t<span class=\"listing-meta\"><time datetime=\"2026-09-04T02:40:47+00:00\" itemprop=\"datePublished\">septiembre 4, 2026<\/time><\/span>\t\t\t\t\t\t\n\t\t\t\t\t\t\t\t<a href=\"https:\/\/www.maritimoportuario.cl\/mp\/subsecretaria-estevez-se-reune-con-la-cpc-para-dar-a-conocer-avances-en-negociaciones-con-estados-unidos-e-india\/#respond\"><span class=\"comment-count\">0<\/span><\/a>\n\t\t\t\t\t\t\t\n\t\t\t\t<\/div>\n\t\t\t\t\n\t\t\t\t<h2 itemprop=\"name\"><a href=\"https:\/\/www.maritimoportuario.cl\/mp\/subsecretaria-estevez-se-reune-con-la-cpc-para-dar-a-conocer-avances-en-negociaciones-con-estados-unidos-e-india\/\" itemprop=\"url\" class=\"post-link\">Subsecretaria Est\u00e9vez se re\u00fane con la CPC para dar a conocer avances en negociaciones con Estados Unidos e India<\/a><\/h2>\n\t\t\t\t\n\t\t\t\t<div class=\"excerpt text-font\"><p>Durante la tarde de este jueves, la subsecretaria de Relaciones Econ\u00f3micas Internacionales, Paula Est\u00e9vez, recibi\u00f3&hellip;<span class=\"read-more\"><a href=\"https:\/\/www.maritimoportuario.cl\/mp\/subsecretaria-estevez-se-reune-con-la-cpc-para-dar-a-conocer-avances-en-negociaciones-con-estados-unidos-e-india\/\" title=\"Leer m\u00e1s\">M\u00e1s<\/a><\/span><\/p>\n<\/div>\n\t\t\t\n\t\t\t<\/article>\n\t\t<\/div>\n\t\t\t\n\t\t\t\t\t\n\t\t<div class=\"column one-third\">\n\t\t\n\t\t\t<article class=\"post-51258 post type-post status-publish format-standard has-post-thumbnail category-destacados\" itemscope itemtype=\"http:\/\/schema.org\/Article\">\n\t\t\t\t\n\t\t\t\t<a href=\"https:\/\/www.maritimoportuario.cl\/mp\/iti-se-convertira-en-el-primer-terminal-del-norte-del-pais-en-incorporar-gruas-portacontenedores-100-electricas\/\" class=\"image-link\">\n\t\t\t\t\t<img loading=\"lazy\" decoding=\"async\" width=\"359\" height=\"201\" src=\"https:\/\/www.maritimoportuario.cl\/mp\/wp-content\/uploads\/2026\/09\/1-portacontenedores-electricas-359x201.jpg\" class=\"image wp-post-image\" alt=\"\" title=\"ITI se convertir\u00e1 en el primer terminal del norte del pa\u00eds en incorporar gr\u00faas portacontenedores 100% el\u00e9ctricas\" itemprop=\"image\" \/>\t\t\t\t\t\n\t\t\t\t\t\t\t\t<span class=\"image-overlay\"><\/span>\n\t\t\t\n\t\t\t<span class=\"meta-overlay\">\n\t\t\t\t<span class=\"meta\">\n\t\t\t\t\n\t\t\t\t<span class=\"post-format \"><i class=\"fa fa-file-text-o\"><\/i><\/span>\n\t\t\t\t\n\t\t\t\t<\/span>\n\t\t\t<\/span>\n\t\t\t\t\t\t<\/a>\n\t\t\t\t\n\t\t\t\t<div class=\"meta\">\n\t\t\t\t\t\n\t\t\t\t\t<span class=\"listing-meta\"><time datetime=\"2026-09-04T02:38:33+00:00\" itemprop=\"datePublished\">septiembre 4, 2026<\/time><\/span>\t\t\t\t\t\t\n\t\t\t\t\t\t\t\t<a href=\"https:\/\/www.maritimoportuario.cl\/mp\/iti-se-convertira-en-el-primer-terminal-del-norte-del-pais-en-incorporar-gruas-portacontenedores-100-electricas\/#respond\"><span class=\"comment-count\">0<\/span><\/a>\n\t\t\t\t\t\t\t\n\t\t\t\t<\/div>\n\t\t\t\t\n\t\t\t\t<h2 itemprop=\"name\"><a href=\"https:\/\/www.maritimoportuario.cl\/mp\/iti-se-convertira-en-el-primer-terminal-del-norte-del-pais-en-incorporar-gruas-portacontenedores-100-electricas\/\" itemprop=\"url\" class=\"post-link\">ITI se convertir\u00e1 en el primer terminal del norte del pa\u00eds en incorporar gr\u00faas portacontenedores 100% el\u00e9ctricas<\/a><\/h2>\n\t\t\t\t\n\t\t\t\t<div class=\"excerpt text-font\"><p>Equipos reforzar\u00e1n la capacidad operativa y permitir\u00e1n avanzar en la reducci\u00f3n de emisiones. Iquique Terminal&hellip;<span class=\"read-more\"><a href=\"https:\/\/www.maritimoportuario.cl\/mp\/iti-se-convertira-en-el-primer-terminal-del-norte-del-pais-en-incorporar-gruas-portacontenedores-100-electricas\/\" title=\"Leer m\u00e1s\">M\u00e1s<\/a><\/span><\/p>\n<\/div>\n\t\t\t\n\t\t\t<\/article>\n\t\t<\/div>\n\t\t\t\n\t\t\t\t\t\n\t\t<div class=\"column one-third\">\n\t\t\n\t\t\t<article class=\"post-51255 post type-post status-publish format-standard has-post-thumbnail category-destacados\" itemscope itemtype=\"http:\/\/schema.org\/Article\">\n\t\t\t\t\n\t\t\t\t<a href=\"https:\/\/www.maritimoportuario.cl\/mp\/biobio-refuerza-su-liderazgo-logistico-con-evento-de-la-mesa-comex-y-gobierno-regional\/\" class=\"image-link\">\n\t\t\t\t\t<img loading=\"lazy\" decoding=\"async\" width=\"359\" height=\"201\" src=\"https:\/\/www.maritimoportuario.cl\/mp\/wp-content\/uploads\/2026\/09\/1-POST-COMEX-1080x1350px-1sept2026-1-359x201.jpg\" class=\"image wp-post-image\" alt=\"\" title=\"Biob\u00edo refuerza su liderazgo log\u00edstico con evento de la Mesa COMEX y Gobierno Regional\" itemprop=\"image\" \/>\t\t\t\t\t\n\t\t\t\t\t\t\t\t<span class=\"image-overlay\"><\/span>\n\t\t\t\n\t\t\t<span class=\"meta-overlay\">\n\t\t\t\t<span class=\"meta\">\n\t\t\t\t\n\t\t\t\t<span class=\"post-format \"><i class=\"fa fa-file-text-o\"><\/i><\/span>\n\t\t\t\t\n\t\t\t\t<\/span>\n\t\t\t<\/span>\n\t\t\t\t\t\t<\/a>\n\t\t\t\t\n\t\t\t\t<div class=\"meta\">\n\t\t\t\t\t\n\t\t\t\t\t<span class=\"listing-meta\"><time datetime=\"2026-09-02T22:06:38+00:00\" itemprop=\"datePublished\">septiembre 2, 2026<\/time><\/span>\t\t\t\t\t\t\n\t\t\t\t\t\t\t\t<a href=\"https:\/\/www.maritimoportuario.cl\/mp\/biobio-refuerza-su-liderazgo-logistico-con-evento-de-la-mesa-comex-y-gobierno-regional\/#respond\"><span class=\"comment-count\">0<\/span><\/a>\n\t\t\t\t\t\t\t\n\t\t\t\t<\/div>\n\t\t\t\t\n\t\t\t\t<h2 itemprop=\"name\"><a href=\"https:\/\/www.maritimoportuario.cl\/mp\/biobio-refuerza-su-liderazgo-logistico-con-evento-de-la-mesa-comex-y-gobierno-regional\/\" itemprop=\"url\" class=\"post-link\">Biob\u00edo refuerza su liderazgo log\u00edstico con evento de la Mesa COMEX y Gobierno Regional<\/a><\/h2>\n\t\t\t\t\n\t\t\t\t<div class=\"excerpt text-font\"><p>Con el apoyo de ocho portuarias, el ENCUENTRO BIOB\u00cdO HUB LOG\u00cdSTICO del 6 de octubreen&hellip;<span class=\"read-more\"><a href=\"https:\/\/www.maritimoportuario.cl\/mp\/biobio-refuerza-su-liderazgo-logistico-con-evento-de-la-mesa-comex-y-gobierno-regional\/\" title=\"Leer m\u00e1s\">M\u00e1s<\/a><\/span><\/p>\n<\/div>\n\t\t\t\n\t\t\t<\/article>\n\t\t<\/div>\n\t\t\t\n\t\t\t\t\t\t\n\t<\/div>\n\t\n\t\n\t\t\n\n\t\n\n\n\n<\/div>\n[\/vc_column][\/vc_row][vc_row][vc_column]\n<section class=\"gallery-block cf block-wrap term-wrap-71 overlay\">\n\n\t\t\t\n\t\t<h4 class=\"section-head cf cat-border-71\">\n\t\t\t<span class=\"title\"><a href=\"https:\/\/www.maritimoportuario.cl\/mp\/category\/nacionales\/\">Noticias Nacionales<\/a><\/span>\n\t\t\t\n\t\t\t\t\t\t\n\t\t\t\t\t\n\t\t\t\t\t<\/h4>\n\n\t\t\n\t\t\n\t\t\t\n\t\t\n\t\t\n\t<div class=\"carousel-nav-bar\">\n\t\t<span class=\"carousel-nav\">\n\t\t\t<a href=\"#\" class=\"prev fa fa-chevron-left\" title=\"Previous\"><\/a>\n\t\t\t<a href=\"#\" class=\"next fa fa-chevron-right\" title=\"Next\"><\/a>\n\t\t<\/span>\n\t<\/div>\t\t\n\t\n\t\t\n\t\n\t\n\t\t\n\t<div class=\"owl-carousel carousel\" data-items=\"4\">\n\t\t\t\t\n\t\t\t<div class=\"item\">\n\t\t\t\t<a href=\"https:\/\/www.maritimoportuario.cl\/mp\/puerto-san-antonio-acumula-a-julio-un-aumento-de-23-en-transferencia-de-carga-pese-a-una-desaceleracion-en-los-ultimos-dos-meses\/\" class=\"image-link\">\n\t\t\t\t\t<span class=\"image\">\n\t\t\t\t\t\t<img loading=\"lazy\" decoding=\"async\" width=\"252\" height=\"167\" src=\"https:\/\/www.maritimoportuario.cl\/mp\/wp-content\/uploads\/2026\/09\/1-puerto-abril-2026-4-252x167.jpg\" class=\"attachment-motive-main-block size-motive-main-block wp-post-image\" alt=\"\" title=\"\" \/>\t\t\t\t\t<\/span>\n\t\t\t\t\t\n\t\t\t\t\t\t\t\t<span class=\"image-overlay\"><\/span>\n\t\t\t\n\t\t\t<span class=\"meta-overlay\">\n\t\t\t\t<span class=\"meta\">\n\t\t\t\t\n\t\t\t\t<span class=\"post-format \"><i class=\"fa fa-file-text-o\"><\/i><\/span>\n\t\t\t\t\n\t\t\t\t<\/span>\n\t\t\t<\/span>\n\t\t\t\t\t\t\t\n\t\t\t\t\t\t\t\t\t\t\t<span class=\"post-title heading-text\"><span>Puerto San Antonio acumula a julio un aumento de 2,3% en transferencia de carga pese a una desaceleraci\u00f3n en los \u00faltimos dos meses<\/span><\/span>\n\t\t\t\t\t\t\t\t\t\t\n\t\t\t\t<\/a>\n\t\t\t\t\n\t\t\t\t\t\t\t\t\n\t\t\t<\/div>\n\t\t\n\t\t\t\t\n\t\t\t<div class=\"item\">\n\t\t\t\t<a href=\"https:\/\/www.maritimoportuario.cl\/mp\/sector-portuario-se-suma-a-mesa-de-fomento-productivo-de-arica-y-parinacota\/\" class=\"image-link\">\n\t\t\t\t\t<span class=\"image\">\n\t\t\t\t\t\t<img loading=\"lazy\" decoding=\"async\" width=\"252\" height=\"167\" src=\"https:\/\/www.maritimoportuario.cl\/mp\/wp-content\/uploads\/2026\/09\/1-Gerlad-Kong-252x167.jpg\" class=\"attachment-motive-main-block size-motive-main-block wp-post-image\" alt=\"\" title=\"\" \/>\t\t\t\t\t<\/span>\n\t\t\t\t\t\n\t\t\t\t\t\t\t\t<span class=\"image-overlay\"><\/span>\n\t\t\t\n\t\t\t<span class=\"meta-overlay\">\n\t\t\t\t<span class=\"meta\">\n\t\t\t\t\n\t\t\t\t<span class=\"post-format \"><i class=\"fa fa-file-text-o\"><\/i><\/span>\n\t\t\t\t\n\t\t\t\t<\/span>\n\t\t\t<\/span>\n\t\t\t\t\t\t\t\n\t\t\t\t\t\t\t\t\t\t\t<span class=\"post-title heading-text\"><span>Sector portuario se suma a mesa de fomento productivo de Arica y Parinacota\u00a0<\/span><\/span>\n\t\t\t\t\t\t\t\t\t\t\n\t\t\t\t<\/a>\n\t\t\t\t\n\t\t\t\t\t\t\t\t\n\t\t\t<\/div>\n\t\t\n\t\t\t\t\n\t\t\t<div class=\"item\">\n\t\t\t\t<a href=\"https:\/\/www.maritimoportuario.cl\/mp\/puerto-san-antonio-y-universidad-adolfo-ibanez-inician-proyecto-para-aumentar-la-eficiencia-de-la-logistica-terrestre\/\" class=\"image-link\">\n\t\t\t\t\t<span class=\"image\">\n\t\t\t\t\t\t<img loading=\"lazy\" decoding=\"async\" width=\"252\" height=\"167\" src=\"https:\/\/www.maritimoportuario.cl\/mp\/wp-content\/uploads\/2026\/09\/1-DSC04070-252x167.jpg\" class=\"attachment-motive-main-block size-motive-main-block wp-post-image\" alt=\"\" title=\"\" \/>\t\t\t\t\t<\/span>\n\t\t\t\t\t\n\t\t\t\t\t\t\t\t<span class=\"image-overlay\"><\/span>\n\t\t\t\n\t\t\t<span class=\"meta-overlay\">\n\t\t\t\t<span class=\"meta\">\n\t\t\t\t\n\t\t\t\t<span class=\"post-format \"><i class=\"fa fa-file-text-o\"><\/i><\/span>\n\t\t\t\t\n\t\t\t\t<\/span>\n\t\t\t<\/span>\n\t\t\t\t\t\t\t\n\t\t\t\t\t\t\t\t\t\t\t<span class=\"post-title heading-text\"><span>Puerto San Antonio y Universidad Adolfo Ib\u00e1\u00f1ez inician proyecto para aumentar la eficiencia de la log\u00edstica terrestre\u00a0<\/span><\/span>\n\t\t\t\t\t\t\t\t\t\t\n\t\t\t\t<\/a>\n\t\t\t\t\n\t\t\t\t\t\t\t\t\n\t\t\t<\/div>\n\t\t\n\t\t\t\t\n\t\t\t<div class=\"item\">\n\t\t\t\t<a href=\"https:\/\/www.maritimoportuario.cl\/mp\/portacontenedores-msc-edna-de-ultima-generacion-recalo-en-tps-por-primera-vez-2\/\" class=\"image-link\">\n\t\t\t\t\t<span class=\"image\">\n\t\t\t\t\t\t<img loading=\"lazy\" decoding=\"async\" width=\"252\" height=\"167\" src=\"https:\/\/www.maritimoportuario.cl\/mp\/wp-content\/uploads\/2026\/09\/1-MSC-Edna-1-252x167.jpg\" class=\"attachment-motive-main-block size-motive-main-block wp-post-image\" alt=\"\" title=\"\" \/>\t\t\t\t\t<\/span>\n\t\t\t\t\t\n\t\t\t\t\t\t\t\t<span class=\"image-overlay\"><\/span>\n\t\t\t\n\t\t\t<span class=\"meta-overlay\">\n\t\t\t\t<span class=\"meta\">\n\t\t\t\t\n\t\t\t\t<span class=\"post-format \"><i class=\"fa fa-file-text-o\"><\/i><\/span>\n\t\t\t\t\n\t\t\t\t<\/span>\n\t\t\t<\/span>\n\t\t\t\t\t\t\t\n\t\t\t\t\t\t\t\t\t\t\t<span class=\"post-title heading-text\"><span>Portacontenedores MSC \u201cEdna\u201d de \u00faltima generaci\u00f3n recal\u00f3 en TPS por primera vez<\/span><\/span>\n\t\t\t\t\t\t\t\t\t\t\n\t\t\t\t<\/a>\n\t\t\t\t\n\t\t\t\t\t\t\t\t\n\t\t\t<\/div>\n\t\t\n\t\t\t\t\n\t\t\t<div class=\"item\">\n\t\t\t\t<a href=\"https:\/\/www.maritimoportuario.cl\/mp\/parlamentarios-de-tarapaca-valoran-propuesta-de-epi-sobre-politica-logistica-regional\/\" class=\"image-link\">\n\t\t\t\t\t<span class=\"image\">\n\t\t\t\t\t\t<img loading=\"lazy\" decoding=\"async\" width=\"252\" height=\"167\" src=\"https:\/\/www.maritimoportuario.cl\/mp\/wp-content\/uploads\/2026\/09\/1-IMG_0573-252x167.jpg\" class=\"attachment-motive-main-block size-motive-main-block wp-post-image\" alt=\"\" title=\"\" \/>\t\t\t\t\t<\/span>\n\t\t\t\t\t\n\t\t\t\t\t\t\t\t<span class=\"image-overlay\"><\/span>\n\t\t\t\n\t\t\t<span class=\"meta-overlay\">\n\t\t\t\t<span class=\"meta\">\n\t\t\t\t\n\t\t\t\t<span class=\"post-format \"><i class=\"fa fa-file-text-o\"><\/i><\/span>\n\t\t\t\t\n\t\t\t\t<\/span>\n\t\t\t<\/span>\n\t\t\t\t\t\t\t\n\t\t\t\t\t\t\t\t\t\t\t<span class=\"post-title heading-text\"><span>Parlamentarios de Tarapac\u00e1 valoran propuesta de EPI sobre Pol\u00edtica Log\u00edstica Regional<\/span><\/span>\n\t\t\t\t\t\t\t\t\t\t\n\t\t\t\t<\/a>\n\t\t\t\t\n\t\t\t\t\t\t\t\t\n\t\t\t<\/div>\n\t\t\n\t\t\t\t\n\t\t\t<div class=\"item\">\n\t\t\t\t<a href=\"https:\/\/www.maritimoportuario.cl\/mp\/puerto-san-antonio-y-locatarios-avanzan-en-un-plan-de-trabajo-para-fortalecer-el-paseo-bellamar\/\" class=\"image-link\">\n\t\t\t\t\t<span class=\"image\">\n\t\t\t\t\t\t<img loading=\"lazy\" decoding=\"async\" width=\"252\" height=\"167\" src=\"https:\/\/www.maritimoportuario.cl\/mp\/wp-content\/uploads\/2026\/09\/A19-252x167.jpg\" class=\"attachment-motive-main-block size-motive-main-block wp-post-image\" alt=\"\" title=\"\" \/>\t\t\t\t\t<\/span>\n\t\t\t\t\t\n\t\t\t\t\t\t\t\t<span class=\"image-overlay\"><\/span>\n\t\t\t\n\t\t\t<span class=\"meta-overlay\">\n\t\t\t\t<span class=\"meta\">\n\t\t\t\t\n\t\t\t\t<span class=\"post-format \"><i class=\"fa fa-file-text-o\"><\/i><\/span>\n\t\t\t\t\n\t\t\t\t<\/span>\n\t\t\t<\/span>\n\t\t\t\t\t\t\t\n\t\t\t\t\t\t\t\t\t\t\t<span class=\"post-title heading-text\"><span>Puerto San Antonio y locatarios avanzan en un plan de trabajo para fortalecer el Paseo Bellamar\u00a0<\/span><\/span>\n\t\t\t\t\t\t\t\t\t\t\n\t\t\t\t<\/a>\n\t\t\t\t\n\t\t\t\t\t\t\t\t\n\t\t\t<\/div>\n\t\t\n\t\t\t\t\n\t\t\t<div class=\"item\">\n\t\t\t\t<a href=\"https:\/\/www.maritimoportuario.cl\/mp\/loreto-seguel-asumira-la-presidencia-de-camport\/\" class=\"image-link\">\n\t\t\t\t\t<span class=\"image\">\n\t\t\t\t\t\t<img loading=\"lazy\" decoding=\"async\" width=\"252\" height=\"167\" src=\"https:\/\/www.maritimoportuario.cl\/mp\/wp-content\/uploads\/2026\/08\/1-nLoreto-Seguel-CAMPORT-252x167.jpg\" class=\"attachment-motive-main-block size-motive-main-block wp-post-image\" alt=\"\" title=\"\" \/>\t\t\t\t\t<\/span>\n\t\t\t\t\t\n\t\t\t\t\t\t\t\t<span class=\"image-overlay\"><\/span>\n\t\t\t\n\t\t\t<span class=\"meta-overlay\">\n\t\t\t\t<span class=\"meta\">\n\t\t\t\t\n\t\t\t\t<span class=\"post-format \"><i class=\"fa fa-file-text-o\"><\/i><\/span>\n\t\t\t\t\n\t\t\t\t<\/span>\n\t\t\t<\/span>\n\t\t\t\t\t\t\t\n\t\t\t\t\t\t\t\t\t\t\t<span class=\"post-title heading-text\"><span>Loreto Seguel asumir\u00e1 la presidencia de CAMPORT<\/span><\/span>\n\t\t\t\t\t\t\t\t\t\t\n\t\t\t\t<\/a>\n\t\t\t\t\n\t\t\t\t\t\t\t\t\n\t\t\t<\/div>\n\t\t\n\t\t\t\t\n\t\t\t<div class=\"item\">\n\t\t\t\t<a href=\"https:\/\/www.maritimoportuario.cl\/mp\/tps-y-epv-lanzan-asistente-virtual-para-potenciar-la-eficiencia-en-la-cadena-logistica-de-puerto-valparaiso\/\" class=\"image-link\">\n\t\t\t\t\t<span class=\"image\">\n\t\t\t\t\t\t<img loading=\"lazy\" decoding=\"async\" width=\"252\" height=\"167\" src=\"https:\/\/www.maritimoportuario.cl\/mp\/wp-content\/uploads\/2026\/08\/13-252x167.jpeg\" class=\"attachment-motive-main-block size-motive-main-block wp-post-image\" alt=\"\" title=\"\" \/>\t\t\t\t\t<\/span>\n\t\t\t\t\t\n\t\t\t\t\t\t\t\t<span class=\"image-overlay\"><\/span>\n\t\t\t\n\t\t\t<span class=\"meta-overlay\">\n\t\t\t\t<span class=\"meta\">\n\t\t\t\t\n\t\t\t\t<span class=\"post-format \"><i class=\"fa fa-file-text-o\"><\/i><\/span>\n\t\t\t\t\n\t\t\t\t<\/span>\n\t\t\t<\/span>\n\t\t\t\t\t\t\t\n\t\t\t\t\t\t\t\t\t\t\t<span class=\"post-title heading-text\"><span>TPS y EPV lanzan asistente virtual para potenciar la eficiencia en la cadena log\u00edstica de puerto Valpara\u00edso\u00a0<\/span><\/span>\n\t\t\t\t\t\t\t\t\t\t\n\t\t\t\t<\/a>\n\t\t\t\t\n\t\t\t\t\t\t\t\t\n\t\t\t<\/div>\n\t\t\n\t\t\t<\/div>\n\t\n\t\t\n\t\n\t\t\t<a href=\"https:\/\/www.maritimoportuario.cl\/mp\/category\/nacionales\/\" class=\"heading-view-all\">Ver todos <i class=\"fa fa-caret-right\"><\/i><\/a>\n\t\n<\/section>\n\n\t\n[\/vc_column][\/vc_row]\n\n\n[vc_row][vc_column width=\u00bb2\/3&#8243; el_class=\u00bbcontent-column\u00bb][vc_row_inner][vc_column_inner]\n\t\t\t<style>\n\t\t\t\t\n\t\t\t.block-css-2 .read-more a, .block-css-2 .image-overlay { background: #dd9933; }\n\t\t\t.block-css-2 .section-head .title { background: #dd9933; }\n\t\t\t.block-css-2 .section-head { border-color: #dd9933; }\n\t\t\t\t\n\t\t\t<\/style>\n\t\t\t\n<div class=\"block-wrap term-wrap-72 block-css-2\">\n\t\n\t\t\t\n\t\t<h4 class=\"section-head cf cat-border-72\">\n\t\t\t<span class=\"title\"><a href=\"https:\/\/www.maritimoportuario.cl\/mp\/category\/internacionales\/\">Noticias Internacionales<\/a><\/span>\n\t\t\t\n\t\t\t\t\t\t\t<a href=\"https:\/\/www.maritimoportuario.cl\/mp\/category\/internacionales\/\" class=\"more\">Ver todos <i class=\"fa fa-caret-right\"><\/i><\/a>\n\t\t\t\t\t\t\n\t\t\t\t\t\n\t\t\t\t\t<\/h4>\n\n\t\t\n\t\t\n\t\t\t\n\t\t\t\n\t<div class=\"posts-list listing-blog \">\n\t\n\t\t\t\t\n\t\t\t<article class=\"cf post-51230 post type-post status-publish format-standard has-post-thumbnail category-internacionales\" itemscope itemtype=\"http:\/\/schema.org\/Article\">\n\t\t\t\n\t\t\t\t\t\t\t\n\t\t\t\t<div class=\"post-thumb\">\n\t\t\t\t\n\t\t\t\t\t<a href=\"https:\/\/www.maritimoportuario.cl\/mp\/la-paradoja-de-la-seguridad-en-la-descarbonizacion-nuevos-combustibles-nuevos-riesgos\/\" itemprop=\"url\" class=\"image-link\"><img loading=\"lazy\" decoding=\"async\" width=\"359\" height=\"201\" src=\"https:\/\/www.maritimoportuario.cl\/mp\/wp-content\/uploads\/2023\/10\/Nave-MPC-3-359x201.jpg\" class=\"attachment-motive-highlight-block size-motive-highlight-block wp-post-image\" alt=\"\" title=\"La paradoja de la seguridad en la descarbonizaci\u00f3n: Nuevos combustibles, nuevos riesgos\" itemprop=\"image\" \/>\t\t\t\t\n\t\t\t\t\t\t\t\t\t<span class=\"image-overlay\"><\/span>\n\t\t\t\n\t\t\t<span class=\"meta-overlay\">\n\t\t\t\t<span class=\"meta\">\n\t\t\t\t\n\t\t\t\t<span class=\"post-format \"><i class=\"fa fa-file-text-o\"><\/i><\/span>\n\t\t\t\t\n\t\t\t\t<\/span>\n\t\t\t<\/span>\n\t\t\t\t\t\t\t<\/a>\n\t\t\t\t\n\t\t\t\t\t\t\t\t<a href=\"https:\/\/www.maritimoportuario.cl\/mp\/la-paradoja-de-la-seguridad-en-la-descarbonizacion-nuevos-combustibles-nuevos-riesgos\/#respond\"><span class=\"comment-count\">0<\/span><\/a>\n\t\t\t\t\t\t<\/div>\t\t\t\t\n\t\t\t\t\t\t\n\t\t\t\t\n\t\t\t\t<div class=\"content\">\n\t\t\t\t\n\t\t\t\t\t<span class=\"listing-meta\"><time datetime=\"2026-08-31T14:35:19+00:00\" itemprop=\"datePublished\">agosto 31, 2026<\/time><\/span>\t\t\t\t\n\t\t\t\t\t<h2 itemprop=\"name\" class=\"post-title\"><a href=\"https:\/\/www.maritimoportuario.cl\/mp\/la-paradoja-de-la-seguridad-en-la-descarbonizacion-nuevos-combustibles-nuevos-riesgos\/\" itemprop=\"url\" class=\"post-link\">La paradoja de la seguridad en la descarbonizaci\u00f3n: Nuevos combustibles, nuevos riesgos<\/a><\/h2>\n\t\t\t\t\t\n\t\t\t\t\t<div class=\"excerpt text-font\"><p>A medida que la industria mar\u00edtima avanza hacia un futuro con menos emisiones de carbono, se enfrenta a un desaf\u00edo&hellip;<span class=\"read-more\"><a href=\"https:\/\/www.maritimoportuario.cl\/mp\/la-paradoja-de-la-seguridad-en-la-descarbonizacion-nuevos-combustibles-nuevos-riesgos\/\" title=\"Leer m\u00e1s\">M\u00e1s<\/a><\/span><\/p>\n<\/div>\n\t\t\t\t\t\n\t\t\t\t<\/div>\n\t\t\t\n\t\t\t<\/article>\n\t\t\n\t\t\t\t\n\t\t\t<article class=\"cf post-51228 post type-post status-publish format-standard has-post-thumbnail category-internacionales\" itemscope itemtype=\"http:\/\/schema.org\/Article\">\n\t\t\t\n\t\t\t\t\t\t\t\n\t\t\t\t<div class=\"post-thumb\">\n\t\t\t\t\n\t\t\t\t\t<a href=\"https:\/\/www.maritimoportuario.cl\/mp\/la-congestion-portuaria-esta-empeorando-en-el-transporte-maritimo-de-contenedores-quien-es-el-responsable\/\" itemprop=\"url\" class=\"image-link\"><img loading=\"lazy\" decoding=\"async\" width=\"359\" height=\"201\" src=\"https:\/\/www.maritimoportuario.cl\/mp\/wp-content\/uploads\/2023\/10\/Nave-Octubre-2023-359x201.jpg\" class=\"attachment-motive-highlight-block size-motive-highlight-block wp-post-image\" alt=\"\" title=\"La congesti\u00f3n portuaria est\u00e1 empeorando en el transporte mar\u00edtimo de contenedores: \u00bfQui\u00e9n es el responsable?\" itemprop=\"image\" \/>\t\t\t\t\n\t\t\t\t\t\t\t\t\t<span class=\"image-overlay\"><\/span>\n\t\t\t\n\t\t\t<span class=\"meta-overlay\">\n\t\t\t\t<span class=\"meta\">\n\t\t\t\t\n\t\t\t\t<span class=\"post-format \"><i class=\"fa fa-file-text-o\"><\/i><\/span>\n\t\t\t\t\n\t\t\t\t<\/span>\n\t\t\t<\/span>\n\t\t\t\t\t\t\t<\/a>\n\t\t\t\t\n\t\t\t\t\t\t\t\t<a href=\"https:\/\/www.maritimoportuario.cl\/mp\/la-congestion-portuaria-esta-empeorando-en-el-transporte-maritimo-de-contenedores-quien-es-el-responsable\/#respond\"><span class=\"comment-count\">0<\/span><\/a>\n\t\t\t\t\t\t<\/div>\t\t\t\t\n\t\t\t\t\t\t\n\t\t\t\t\n\t\t\t\t<div class=\"content\">\n\t\t\t\t\n\t\t\t\t\t<span class=\"listing-meta\"><time datetime=\"2026-08-31T14:22:47+00:00\" itemprop=\"datePublished\">agosto 31, 2026<\/time><\/span>\t\t\t\t\n\t\t\t\t\t<h2 itemprop=\"name\" class=\"post-title\"><a href=\"https:\/\/www.maritimoportuario.cl\/mp\/la-congestion-portuaria-esta-empeorando-en-el-transporte-maritimo-de-contenedores-quien-es-el-responsable\/\" itemprop=\"url\" class=\"post-link\">La congesti\u00f3n portuaria est\u00e1 empeorando en el transporte mar\u00edtimo de contenedores: \u00bfQui\u00e9n es el responsable?<\/a><\/h2>\n\t\t\t\t\t\n\t\t\t\t\t<div class=\"excerpt text-font\"><p>La congesti\u00f3n portuaria se ha convertido en uno de los problemas m\u00e1s acuciantes del transporte mar\u00edtimo de contenedores, y la&hellip;<span class=\"read-more\"><a href=\"https:\/\/www.maritimoportuario.cl\/mp\/la-congestion-portuaria-esta-empeorando-en-el-transporte-maritimo-de-contenedores-quien-es-el-responsable\/\" title=\"Leer m\u00e1s\">M\u00e1s<\/a><\/span><\/p>\n<\/div>\n\t\t\t\t\t\n\t\t\t\t<\/div>\n\t\t\t\n\t\t\t<\/article>\n\t\t\n\t\t\t\t\t\t\n\t<\/div>\n\t\n\t\n\t\t<div class=\"main-pagination\"><span aria-current=\"page\" class=\"page-numbers current\">1<\/span>\n<a class=\"page-numbers\" href=\"https:\/\/www.maritimoportuario.cl\/mp\/wp-json\/wp\/v2\/pages\/270\/page\/2\/\">2<\/a>\n<a class=\"page-numbers\" href=\"https:\/\/www.maritimoportuario.cl\/mp\/wp-json\/wp\/v2\/pages\/270\/page\/3\/\">3<\/a>\n<span class=\"page-numbers dots\">&hellip;<\/span>\n<a class=\"page-numbers\" href=\"https:\/\/www.maritimoportuario.cl\/mp\/wp-json\/wp\/v2\/pages\/270\/page\/1013\/\">1.013<\/a>\n<a class=\"next page-numbers\" href=\"https:\/\/www.maritimoportuario.cl\/mp\/wp-json\/wp\/v2\/pages\/270\/page\/2\/\"><span class=\"visuallyhidden\">Next<\/span><i class=\"fa fa-angle-right\"><\/i><\/a><\/div>\t\t\t\t\n\t\t\n\n\t\t\t\n\n\n\n<\/div>\n[\/vc_column_inner][\/vc_row_inner][\/vc_column][vc_column width=\u00bb1\/3&#8243; el_class=\u00bbsidebar\u00bb][vc_column_text]<a class=\"twitter-timeline\" href=\"https:\/\/twitter.com\/maritimoport\" data-widget-id=\"591788619737788417\" data-dnt=\"true\">Tweets por @maritimoport<\/a><script>\/\/ < ![CDATA[\n\/\/ < ![CDATA[\n\/\/ < ![CDATA[\n\/\/ < ![CDATA[\n\/\/ < ![CDATA[\n\/\/ < ![CDATA[\n\/\/ < ![CDATA[\n\/\/ < ![CDATA[\n\/\/ < ![CDATA[\n\/\/ < ![CDATA[\n\/\/ < ![CDATA[\n\/\/ < ![CDATA[\n\/\/ < ![CDATA[\n\/\/ < ![CDATA[\n\/\/ < ![CDATA[\n\/\/ < ![CDATA[\n\/\/ < ![CDATA[\n\/\/ < ![CDATA[\n\/\/ < ![CDATA[\n\/\/ < ![CDATA[\n\/\/ < ![CDATA[\n\/\/ < ![CDATA[\n\/\/ < ![CDATA[\n\/\/ < ![CDATA[\n\/\/ < ![CDATA[ !function(d,s,id){var js,fjs=d.getElementsByTagName(s)[0],p=\/^http:\/.test(d.location)?'http':'https';if(!d.getElementById(id)){js=d.createElement(s);js.id=id;js.src=p+\":\/\/platform.twitter.com\/widgets.js\";fjs.parentNode.insertBefore(js,fjs);}}(document,\"script\",\"twitter-wjs\"); \/\/ ]]><\/script>[\/vc_column_text][vc_column_text][\/vc_column_text][\/vc_column][\/vc_row]\n\n\n\n<p class=\"wp-block-paragraph\">[vc_row][vc_column css=\u00bb.vc_custom_1413679058783{margin-bottom: 10px !important;}\u00bb][vc_column_text][\/vc_column_text][\/vc_column][\/vc_row][vc_row][vc_column][vc_column_text][\/vc_column_text][\/vc_column][\/vc_row]\n\n\n[vc_row][vc_column][vc_column_text]\n<table width=\"100%\">\n<tbody>\n<tr>\n<td><a href=\"http:\/\/www.agunsa\/\"><img loading=\"lazy\" decoding=\"async\" class=\"alignnone\" src=\" http:\/\/www.maritimoportuario.cl\/mp\/wp-content\/uploads\/2014\/09\/agunsa.jpg \" alt=\"\" width=\"253\" height=\"111\" \/><\/a><\/td>\n<td><a href=\"http:\/\/www.saam.com\/\"><img loading=\"lazy\" decoding=\"async\" class=\"alignnone\" src=\" http:\/\/www.maritimoportuario.cl\/mp\/wp-content\/uploads\/2014\/09\/saam.jpg \" alt=\"\" width=\"253\" height=\"111\" \/><\/a><\/td>\n<td><a href=\"http:\/\/www.epaustral.cl\/\"><img loading=\"lazy\" decoding=\"async\" class=\"alignnone\" src=\"http:\/\/www.maritimoportuario.cl\/mp\/wp-content\/uploads\/2017\/03\/EPA-e1489524512704-200x111.jpg\" alt=\"\" width=\"200\" height=\"111\" \/><\/a><\/td>\n<td><a href=\"http:\/\/www.agental.cl\/\"><img loading=\"lazy\" decoding=\"async\" class=\"alignnone\" src=\"http:\/\/www.maritimoportuario.cl\/mp\/wp-content\/uploads\/2014\/09\/agental.jpg\" alt=\"\" width=\"253\" height=\"111\" \/><\/a><\/td>\n<\/tr>\n<\/tbody>\n<\/table>\n[\/vc_column_text][\/vc_column][\/vc_row]\n<\/div>","protected":false},"excerpt":{"rendered":"<p>[vc_row][vc_column css=\u00bb.vc_custom_1413679058783{margin-bottom: 10px !important;}\u00bb][\/vc_column][\/vc_row][vc_row][vc_column][\/vc_column][\/vc_row] [vc_row][vc_column css=\u00bb.vc_custom_1413679058783{margin-bottom: 10px !important;}\u00bb][vc_column_text][\/vc_column_text][\/vc_column][\/vc_row][vc_row][vc_column][vc_column_text][\/vc_column_text][\/vc_column][\/vc_row]<\/p>\n","protected":false},"author":1,"featured_media":0,"parent":0,"menu_order":0,"comment_status":"open","ping_status":"open","template":"page-blocks.php","meta":{"rop_custom_images_group":[],"rop_custom_messages_group":[],"rop_publish_now":"initial","rop_publish_now_accounts":{"facebook_10162570881181292_1669217483306580":""},"rop_publish_now_history":[],"rop_publish_now_status":"pending","footnotes":""},"class_list":["post-270","page","type-page","status-publish"],"_links":{"self":[{"href":"https:\/\/www.maritimoportuario.cl\/mp\/wp-json\/wp\/v2\/pages\/270","targetHints":{"allow":["GET"]}}],"collection":[{"href":"https:\/\/www.maritimoportuario.cl\/mp\/wp-json\/wp\/v2\/pages"}],"about":[{"href":"https:\/\/www.maritimoportuario.cl\/mp\/wp-json\/wp\/v2\/types\/page"}],"author":[{"embeddable":true,"href":"https:\/\/www.maritimoportuario.cl\/mp\/wp-json\/wp\/v2\/users\/1"}],"replies":[{"embeddable":true,"href":"https:\/\/www.maritimoportuario.cl\/mp\/wp-json\/wp\/v2\/comments?post=270"}],"version-history":[{"count":106,"href":"https:\/\/www.maritimoportuario.cl\/mp\/wp-json\/wp\/v2\/pages\/270\/revisions"}],"predecessor-version":[{"id":49939,"href":"https:\/\/www.maritimoportuario.cl\/mp\/wp-json\/wp\/v2\/pages\/270\/revisions\/49939"}],"wp:attachment":[{"href":"https:\/\/www.maritimoportuario.cl\/mp\/wp-json\/wp\/v2\/media?parent=270"}],"curies":[{"name":"wp","href":"https:\/\/api.w.org\/{rel}","templated":true}]}}